{"id":6332,"date":"2023-11-08T15:56:32","date_gmt":"2023-11-08T14:56:32","guid":{"rendered":"https:\/\/fantasyfood.org\/personuverndarstefna-fyrir-fantasy-food\/"},"modified":"2024-09-02T17:14:48","modified_gmt":"2024-09-02T15:14:48","slug":"personuverndarstefna-fyrir-fantasy-food","status":"publish","type":"page","link":"https:\/\/fantasyfood.org\/is\/personuverndarstefna-fyrir-fantasy-food\/","title":{"rendered":"Pers\u00f3nuverndarstefna fyrir Fantasy Food"},"content":{"rendered":"\n<p style=\"font-style:normal;font-weight:400\">S\u00ed\u00f0ast uppf\u00e6rt: 2. september 2024<\/p>\n\n<p style=\"font-style:normal;font-weight:300\">\u00deessi pers\u00f3nuverndarstefna l\u00fdsir stefnu okkar og verklagsreglum um s\u00f6fnun, notkun og birtingu uppl\u00fdsinga \u00feinna \u00feegar \u00fe\u00fa notar \u00fej\u00f3nustuna og segir \u00fe\u00e9r fr\u00e1 pers\u00f3nuverndarr\u00e9tti \u00fe\u00ednum og hvernig l\u00f6gin vernda \u00feig.<\/p>\n\n<p style=\"font-style:normal;font-weight:300\">Vi\u00f0 notum pers\u00f3nuuppl\u00fdsingar \u00fe\u00ednar til a\u00f0 veita og b\u00e6ta \u00fej\u00f3nustuna. Me\u00f0 \u00fev\u00ed a\u00f0 nota \u00fej\u00f3nustuna sam\u00feykkir \u00fe\u00fa s\u00f6fnun og notkun uppl\u00fdsinga \u00ed samr\u00e6mi vi\u00f0 \u00feessa pers\u00f3nuverndarstefnu.<\/p>\n\n<h2 class=\"wp-block-heading\" style=\"font-style:normal;font-weight:400\">T\u00falkun og skilgreiningar<\/h2>\n\n<h3 class=\"wp-block-heading\" style=\"font-style:normal;font-weight:400\">T\u00falkun<\/h3>\n\n<p style=\"font-style:normal;font-weight:300\">Or\u00f0in sem upphafsstafurinn er h\u00e1stafur \u00ed hafa merkingu skilgreind vi\u00f0 eftirfarandi skilyr\u00f0i. Eftirfarandi skilgreiningar skulu hafa s\u00f6mu merkingu hvort sem \u00fe\u00e6r eru \u00ed eint\u00f6lu e\u00f0a fleirt\u00f6lu.<\/p>\n\n<h3 class=\"wp-block-heading\" style=\"font-style:normal;font-weight:300\">Skilgreiningar<\/h3>\n\n<p style=\"font-style:normal;font-weight:300\">A\u00f0 \u00fev\u00ed er var\u00f0ar \u00feessa pers\u00f3nuverndarstefnu:<\/p>\n\n<ul class=\"wp-block-list\" style=\"font-style:normal;font-weight:300\">\n<li style=\"font-style:normal;font-weight:300\"><strong>Reikningur<\/strong> \u00fe\u00fd\u00f0ir einstakur reikningur sem b\u00fainn er til fyrir \u00feig til a\u00f0 f\u00e1 a\u00f0gang a\u00f0 \u00fej\u00f3nustu okkar e\u00f0a hluta af \u00fej\u00f3nustu okkar.<\/li>\n\n\n\n<li style=\"font-style:normal;font-weight:300\"><strong>Samstarfsa\u00f0ili<\/strong> \u00fe\u00fd\u00f0ir a\u00f0ili sem stj\u00f3rnar, er undir stj\u00f3rn e\u00f0a er undir sameiginlegri stj\u00f3rn me\u00f0 a\u00f0ila, \u00fear sem \u201estj\u00f3rn\u201c merkir eignarhald \u00e1 50% e\u00f0a meira af hlutabr\u00e9fum, hlutafj\u00e1rhlutum e\u00f0a \u00f6\u00f0rum ver\u00f0br\u00e9fum sem hafa atkv\u00e6\u00f0isr\u00e9tt til stj\u00f3rnarkj\u00f6rs e\u00f0a annarra framkv\u00e6mdavalds. .<\/li>\n\n\n\n<li style=\"font-style:normal;font-weight:300\"><strong>Fyrirt\u00e6ki<\/strong> (v\u00edsa\u00f0 til sem anna\u00f0 hvort \u201eFyrirt\u00e6ki\u00f0\u201c, \u201eVi\u00f0\u201c, \u201eVi\u00f0\u201c e\u00f0a \u201eokkar\u201c \u00ed \u00feessum samningi) v\u00edsar til Fantasy Food Sp. z oo, R\u0119czaje Polskie 4A, 05-326 Po\u015bwi\u0119tne, P\u00f3llandi.<\/li>\n\n\n\n<li style=\"font-style:normal;font-weight:300\"><strong>Vafrak\u00f6kur<\/strong> eru litlar skr\u00e1r sem eru settar \u00e1 t\u00f6lvuna \u00fe\u00edna, fars\u00edma e\u00f0a \u00f6nnur t\u00e6ki af vefs\u00ed\u00f0u, sem innihalda uppl\u00fdsingar um vafraferil \u00feinn \u00e1 \u00feeirri vefs\u00ed\u00f0u me\u00f0al margra notkunar \u00feess.<\/li>\n\n\n\n<li style=\"font-style:normal;font-weight:300\"><strong>Land<\/strong> v\u00edsar til: P\u00f3lland<\/li>\n\n\n\n<li style=\"font-style:normal;font-weight:300\"><strong>T\u00e6ki<\/strong> \u00fe\u00fd\u00f0ir hva\u00f0a t\u00e6ki sem hefur a\u00f0gang a\u00f0 \u00fej\u00f3nustunni eins og t\u00f6lva, fars\u00edmi e\u00f0a stafr\u00e6n spjaldt\u00f6lva.<\/li>\n\n\n\n<li style=\"font-style:normal;font-weight:300\"><strong>Pers\u00f3nuuppl\u00fdsingar<\/strong> eru allar uppl\u00fdsingar sem tengjast au\u00f0kenndum e\u00f0a au\u00f0kenndum einstaklingi.<\/li>\n\n\n\n<li style=\"font-style:normal;font-weight:300\"><strong>\u00dej\u00f3nusta<\/strong> v\u00edsar til vefs\u00ed\u00f0unnar.<\/li>\n\n\n\n<li style=\"font-style:normal;font-weight:300\"><strong>\u00dej\u00f3nustua\u00f0ili<\/strong> \u00fe\u00fd\u00f0ir hvern \u00feann einstakling e\u00f0a l\u00f6ga\u00f0ila sem vinnur g\u00f6gnin fyrir h\u00f6nd fyrirt\u00e6kisins. \u00dea\u00f0 v\u00edsar til \u00feri\u00f0ja a\u00f0ila fyrirt\u00e6kja e\u00f0a einstaklinga sem starfa hj\u00e1 fyrirt\u00e6kinu til a\u00f0 au\u00f0velda \u00fej\u00f3nustuna, veita \u00fej\u00f3nustuna fyrir h\u00f6nd fyrirt\u00e6kisins, sinna \u00fej\u00f3nustu sem tengist \u00fej\u00f3nustunni e\u00f0a a\u00f0sto\u00f0a fyrirt\u00e6ki\u00f0 vi\u00f0 a\u00f0 greina hvernig \u00fej\u00f3nustan er notu\u00f0.<\/li>\n\n\n\n<li style=\"font-style:normal;font-weight:300\"><strong>Notkunarg\u00f6gn<\/strong> v\u00edsa til gagna sem safna\u00f0 er sj\u00e1lfkrafa, anna\u00f0hvort myndu\u00f0 vi\u00f0 notkun \u00fej\u00f3nustunnar e\u00f0a \u00far \u00fej\u00f3nustuinnvi\u00f0unum sj\u00e1lfum (til d\u00e6mis lengd s\u00ed\u00f0uheims\u00f3knar).<\/li>\n\n\n\n<li style=\"font-style:normal;font-weight:300\"><strong>Vefs\u00ed\u00f0an<\/strong> v\u00edsar til Fantasy Food, a\u00f0gengileg fr\u00e1 <a href=\"https:\/\/fantasyfood.org\/is\/\" rel=\"noreferrer noopener\" target=\"_blank\">https:\/\/fantasyfood.org<\/a><\/li>\n\n\n\n<li style=\"font-style:normal;font-weight:300\"><strong>\u00de\u00fa<\/strong> \u00e1tt vi\u00f0 einstaklinginn sem hefur a\u00f0gang a\u00f0 e\u00f0a notar \u00fej\u00f3nustuna, e\u00f0a fyrirt\u00e6ki\u00f0, e\u00f0a annar l\u00f6ga\u00f0ili fyrir h\u00f6nd sem sl\u00edkur einstaklingur hefur a\u00f0gang a\u00f0 e\u00f0a notar \u00fej\u00f3nustuna, eftir \u00fev\u00ed sem vi\u00f0 \u00e1.<\/li>\n<\/ul>\n\n<h2 class=\"wp-block-heading\" style=\"font-style:normal;font-weight:300\">S\u00f6fnun og notkun pers\u00f3nuuppl\u00fdsinga \u00feinna<\/h2>\n\n<h3 class=\"wp-block-heading\" style=\"font-style:normal;font-weight:300\">Tegundir gagna sem safna\u00f0 er<\/h3>\n\n<h4 class=\"wp-block-heading\" style=\"font-style:normal;font-weight:300\">Pers\u00f3nuuppl\u00fdsingar<\/h4>\n\n<p style=\"font-style:normal;font-weight:300\">Me\u00f0an vi\u00f0 notum \u00fej\u00f3nustu okkar g\u00e6tum vi\u00f0 be\u00f0i\u00f0 \u00feig um a\u00f0 veita okkur \u00e1kve\u00f0nar pers\u00f3nugreinanlegar uppl\u00fdsingar sem h\u00e6gt er a\u00f0 nota til a\u00f0 hafa samband vi\u00f0 e\u00f0a au\u00f0kenna \u00feig. Pers\u00f3nugreinanlegar uppl\u00fdsingar geta fali\u00f0 \u00ed s\u00e9r, en takmarkast ekki vi\u00f0:<\/p>\n\n<ul class=\"wp-block-list\">\n<li style=\"font-style:normal;font-weight:300\">Netfang<\/li>\n\n\n\n<li style=\"font-style:normal;font-weight:300\">Fornafn og eftirnafn<\/li>\n\n\n\n<li style=\"font-style:normal;font-weight:300\">S\u00edman\u00famer<\/li>\n\n\n\n<li style=\"font-style:normal;font-weight:300\">Heimilisfang, r\u00edki, h\u00e9ra\u00f0, p\u00f3stn\u00famer, borg<\/li>\n\n\n\n<li style=\"font-style:normal;font-weight:300\">Notkunarg\u00f6gn<\/li>\n<\/ul>\n\n<h4 class=\"wp-block-heading\" style=\"font-style:normal;font-weight:300\">Notkunarg\u00f6gn<\/h4>\n\n<p style=\"font-style:normal;font-weight:300\">Notkunarg\u00f6gnum er safna\u00f0 sj\u00e1lfkrafa \u00feegar \u00fe\u00fa notar \u00fej\u00f3nustuna.<\/p>\n\n<p style=\"font-style:normal;font-weight:300\">Notkunarg\u00f6gn geta innihaldi\u00f0 uppl\u00fdsingar eins og netfang t\u00e6kisins \u00fe\u00edns (td IP-t\u00f6lu), ger\u00f0 vafra, vafra\u00fatg\u00e1fu, s\u00ed\u00f0ur \u00fej\u00f3nustu okkar sem \u00fe\u00fa heims\u00e6kir, t\u00edmi og dagsetning heims\u00f3knar \u00feinnar, t\u00edminn sem vari\u00f0 er \u00e1 \u00feessum s\u00ed\u00f0um, einstakt t\u00e6ki au\u00f0kenni og \u00f6nnur greiningarg\u00f6gn.<\/p>\n\n<p style=\"font-style:normal;font-weight:300\">\u00deegar \u00fe\u00fa opnar \u00fej\u00f3nustuna me\u00f0 e\u00f0a \u00ed gegnum fars\u00edma g\u00e6tum vi\u00f0 safna\u00f0 \u00e1kve\u00f0num uppl\u00fdsingum sj\u00e1lfkrafa, \u00fear \u00e1 me\u00f0al, en ekki takmarka\u00f0 vi\u00f0, ger\u00f0 fars\u00edmans sem \u00fe\u00fa notar, einstakt au\u00f0kenni fars\u00edmans \u00fe\u00edns, IP-t\u00f6lu fart\u00e6kisins \u00fe\u00edns, fars\u00edminn \u00feinn. st\u00fdrikerfi, ger\u00f0 fars\u00edmanetvafra sem \u00fe\u00fa notar, einst\u00f6k au\u00f0kenni t\u00e6kis og \u00f6nnur greiningarg\u00f6gn.<\/p>\n\n<p style=\"font-style:normal;font-weight:300\">Vi\u00f0 g\u00e6tum einnig safna\u00f0 uppl\u00fdsingum sem vafrinn \u00feinn sendir hven\u00e6r sem \u00fe\u00fa heims\u00e6kir \u00fej\u00f3nustuna okkar e\u00f0a \u00feegar \u00fe\u00fa opnar \u00fej\u00f3nustuna me\u00f0 e\u00f0a \u00ed gegnum fars\u00edma.<\/p>\n\n<h4 class=\"wp-block-heading\" style=\"font-style:normal;font-weight:300\">Rekjat\u00e6kni og vafrak\u00f6kur<\/h4>\n\n<p style=\"font-style:normal;font-weight:300\">Vi\u00f0 notum vafrak\u00f6kur og svipa\u00f0a rakningart\u00e6kni til a\u00f0 fylgjast me\u00f0 virkni \u00e1 \u00fej\u00f3nustu okkar og geyma \u00e1kve\u00f0nar uppl\u00fdsingar. Rakningart\u00e6kni sem notu\u00f0 er eru lei\u00f0arlj\u00f3s, merki og forskriftir til a\u00f0 safna og rekja uppl\u00fdsingar og til a\u00f0 b\u00e6ta og greina \u00fej\u00f3nustu okkar. T\u00e6knin sem vi\u00f0 notum getur veri\u00f0:<\/p>\n\n<ul class=\"wp-block-list\">\n<li style=\"font-style:normal;font-weight:300\"><strong>Vafrak\u00f6kur e\u00f0a vafrak\u00f6kur.<\/strong> Vafrakaka er l\u00edtil skr\u00e1 sem er sett \u00e1 t\u00e6ki\u00f0 \u00feitt. \u00de\u00fa getur fyrirskipa\u00f0 vafranum \u00fe\u00ednum a\u00f0 hafna \u00f6llum vafrak\u00f6kum e\u00f0a a\u00f0 gefa til kynna hven\u00e6r vafrak\u00f6ku er send. Hins vegar, ef \u00fe\u00fa sam\u00feykkir ekki vafrak\u00f6kur, g\u00e6tir\u00f0u ekki nota\u00f0 suma hluta \u00fej\u00f3nustu okkar. \u00dej\u00f3nustan okkar g\u00e6ti nota\u00f0 vafrak\u00f6kur nema \u00fe\u00fa hafir breytt stillingum vafrans \u00feannig a\u00f0 hann hafni vafrak\u00f6kum.<\/li>\n\n\n\n<li style=\"font-style:normal;font-weight:300\"><strong>Vefvitar.<\/strong> \u00c1kve\u00f0nir hlutar \u00fej\u00f3nustu okkar og t\u00f6lvup\u00f3stur okkar kunna a\u00f0 innihalda litlar rafr\u00e6nar skr\u00e1r sem kallast vefvitar (einnig nefnd sk\u00fdr gifs, pixlamerki og eins pixla gifs) sem leyfa fyrirt\u00e6kinu til d\u00e6mis a\u00f0 telja notendur sem hafa heims\u00f3tt \u00feessar s\u00ed\u00f0ur e\u00f0a opna\u00f0 t\u00f6lvup\u00f3st og fyrir a\u00f0ra tengda vefs\u00ed\u00f0ut\u00f6lfr\u00e6\u00f0i (til d\u00e6mis skr\u00e1ningu \u00e1 vins\u00e6ldum \u00e1kve\u00f0ins hluta og sta\u00f0festa heilleika kerfis og net\u00fej\u00f3ns).<\/li>\n<\/ul>\n\n<p style=\"font-style:normal;font-weight:300\">Vafrak\u00f6kur geta veri\u00f0 \u201eVi\u00f0varandi\u201c e\u00f0a \u201eSession\u201c vafrak\u00f6kur. Vi\u00f0varandi vafrak\u00f6kur ver\u00f0a \u00e1fram \u00e1 einkat\u00f6lvunni \u00feinni e\u00f0a fart\u00e6kinu \u00feegar \u00fe\u00fa fer\u00f0 \u00e1n nettengingar \u00e1 me\u00f0an lotuk\u00f6kur eru eytt um lei\u00f0 og \u00fe\u00fa lokar vafranum \u00fe\u00ednum. Frekari uppl\u00fdsingar um vafrak\u00f6kur \u00e1 vefs\u00ed\u00f0ugreininni \u00f3keypis pers\u00f3nuverndarstefnu.<\/p>\n\n<p style=\"font-style:normal;font-weight:300\">Vi\u00f0 notum b\u00e6\u00f0i Session og Persistent Cookies \u00ed \u00feeim tilgangi sem l\u00fdst er h\u00e9r a\u00f0 ne\u00f0an:<\/p>\n\n<ul class=\"wp-block-list\">\n<li style=\"font-style:normal;font-weight:300\"><strong>Nau\u00f0synlegar\/nau\u00f0synlegar vafrak\u00f6kur<\/strong> Tegund: Setuvafrak\u00f6kur Stj\u00f3rna\u00f0 af: Okkur Tilgangur: \u00deessar vafrak\u00f6kur eru nau\u00f0synlegar til a\u00f0 veita \u00fe\u00e9r \u00fej\u00f3nustu sem er \u00ed bo\u00f0i \u00ed gegnum vefs\u00ed\u00f0una og til a\u00f0 gera \u00fe\u00e9r kleift a\u00f0 nota suma eiginleika hennar. \u00deeir hj\u00e1lpa til vi\u00f0 a\u00f0 au\u00f0kenna notendur og koma \u00ed veg fyrir sviksamlega notkun notendareikninga. \u00c1n \u00feessara vafrakaka er ekki h\u00e6gt a\u00f0 veita \u00fej\u00f3nustuna sem \u00fe\u00fa hefur be\u00f0i\u00f0 um og vi\u00f0 notum \u00feessar vafrak\u00f6kur eing\u00f6ngu til a\u00f0 veita \u00fe\u00e9r \u00fe\u00e1 \u00fej\u00f3nustu.<\/li>\n\n\n\n<li style=\"font-style:normal;font-weight:300\"><strong>Vafrak\u00f6kurstefna\/Tilkynningar Sam\u00feykki Vafrak\u00f6kur<\/strong> Tegund: Vi\u00f0varandi vafrak\u00f6kur Stj\u00f3rna\u00f0 af: Okkur Tilgangur: \u00deessar vafrak\u00f6kur au\u00f0kenna hvort notendur hafa sam\u00feykkt notkun vafrak\u00f6kum \u00e1 vefs\u00ed\u00f0unni.<\/li>\n\n\n\n<li style=\"font-style:normal;font-weight:300\">Tegund <strong>virknivafrakaka<\/strong> : Vi\u00f0varandi vafrak\u00f6kur Stj\u00f3rna\u00f0 af: Okkur Tilgangur: \u00deessar vafrak\u00f6kur gera okkur kleift a\u00f0 muna val sem \u00fe\u00fa tekur \u00feegar \u00fe\u00fa notar vefs\u00ed\u00f0una, eins og a\u00f0 muna innskr\u00e1ningaruppl\u00fdsingar \u00fe\u00ednar e\u00f0a tungum\u00e1laval. Tilgangurinn me\u00f0 \u00feessum vafrak\u00f6kum er a\u00f0 veita \u00fe\u00e9r pers\u00f3nulegri upplifun og for\u00f0ast a\u00f0 \u00fe\u00fa \u00feurfir a\u00f0 sl\u00e1 inn \u00f3skir \u00fe\u00ednar aftur \u00ed hvert skipti sem \u00fe\u00fa notar vefs\u00ed\u00f0una.<\/li>\n<\/ul>\n\n<p style=\"font-style:normal;font-weight:300\">Fyrir frekari uppl\u00fdsingar um vafrak\u00f6kur sem vi\u00f0 notum og val \u00feitt var\u00f0andi vafrak\u00f6kur, vinsamlegast far\u00f0u \u00e1 vafrak\u00f6kustefnu okkar e\u00f0a vafrak\u00f6kur hluta pers\u00f3nuverndarstefnu okkar.<\/p>\n\n<h3 class=\"wp-block-heading\" style=\"font-style:normal;font-weight:300\">Notkun pers\u00f3nuuppl\u00fdsinga \u00feinna<\/h3>\n\n<p style=\"font-style:normal;font-weight:300\">F\u00e9lagi\u00f0 getur nota\u00f0 pers\u00f3nuuppl\u00fdsingar \u00ed eftirfarandi tilgangi:<\/p>\n\n<ul class=\"wp-block-list\">\n<li style=\"font-style:normal;font-weight:300\"><strong>Til a\u00f0 veita og vi\u00f0halda \u00fej\u00f3nustu okkar<\/strong> , \u00fear \u00e1 me\u00f0al til a\u00f0 fylgjast me\u00f0 notkun \u00fej\u00f3nustu okkar.<\/li>\n\n\n\n<li style=\"font-style:normal;font-weight:300\"><strong>Til a\u00f0 stj\u00f3rna reikningnum \u00fe\u00ednum:<\/strong> til a\u00f0 stj\u00f3rna skr\u00e1ningu \u00feinni sem notandi \u00fej\u00f3nustunnar. Pers\u00f3nuuppl\u00fdsingarnar sem \u00fe\u00fa gefur upp geta veitt \u00fe\u00e9r a\u00f0gang a\u00f0 mismunandi virkni \u00fej\u00f3nustunnar sem er \u00ed bo\u00f0i fyrir \u00feig sem skr\u00e1\u00f0ur notandi.<\/li>\n\n\n\n<li style=\"font-style:normal;font-weight:300\"><strong>Fyrir framkv\u00e6md samnings:<\/strong> \u00fer\u00f3un, fylgni og framkv\u00e6md kaupsamnings fyrir v\u00f6rurnar, hlutina e\u00f0a \u00fej\u00f3nustuna sem \u00fe\u00fa hefur keypt e\u00f0a hvers kyns annan samning vi\u00f0 okkur \u00ed gegnum \u00fej\u00f3nustuna.<\/li>\n\n\n\n<li style=\"font-style:normal;font-weight:300\"><strong>Til a\u00f0 hafa samband vi\u00f0 \u00feig:<\/strong> Til a\u00f0 hafa samband vi\u00f0 \u00feig me\u00f0 t\u00f6lvup\u00f3sti, s\u00edmt\u00f6lum, SMS e\u00f0a \u00f6\u00f0rum samb\u00e6rilegum rafr\u00e6num samskiptum, svo sem \u00fdttu tilkynningum fars\u00edmaforrits var\u00f0andi uppf\u00e6rslur e\u00f0a uppl\u00fdsandi samskipti sem tengjast virkni, v\u00f6rum e\u00f0a samningsbundinni \u00fej\u00f3nustu, \u00fe.mt \u00f6ryggisuppf\u00e6rslur, \u00feegar \u00fea\u00f0 er nau\u00f0synlegt e\u00f0a e\u00f0lilegt fyrir framkv\u00e6md \u00feeirra.<\/li>\n\n\n\n<li style=\"font-style:normal;font-weight:300\"><strong>Til a\u00f0 veita \u00fe\u00e9r<\/strong> fr\u00e9ttir, s\u00e9rtilbo\u00f0 og almennar uppl\u00fdsingar um a\u00f0rar v\u00f6rur, \u00fej\u00f3nustu og vi\u00f0bur\u00f0i sem vi\u00f0 bj\u00f3\u00f0um upp \u00e1 sem eru svipa\u00f0ar \u00feeim sem \u00fe\u00fa hefur \u00feegar keypt e\u00f0a spurt um nema \u00fe\u00fa hafir vali\u00f0 a\u00f0 f\u00e1 ekki sl\u00edkar uppl\u00fdsingar.<\/li>\n\n\n\n<li style=\"font-style:normal;font-weight:300\"><strong>Til a\u00f0 stj\u00f3rna bei\u00f0num \u00fe\u00ednum:<\/strong> Til a\u00f0 m\u00e6ta og hafa umsj\u00f3n me\u00f0 bei\u00f0num \u00fe\u00ednum til okkar.<\/li>\n\n\n\n<li style=\"font-style:normal;font-weight:300\"><strong>Fyrir f\u00e9lagaskipti:<\/strong> Vi\u00f0 g\u00e6tum nota\u00f0 uppl\u00fdsingarnar \u00fe\u00ednar til a\u00f0 meta e\u00f0a framkv\u00e6ma samruna, s\u00f6lu, endurskipulagningu, endurskipulagningu, slit e\u00f0a a\u00f0ra s\u00f6lu e\u00f0a flutning \u00e1 sumum e\u00f0a \u00f6llum eignum okkar, hvort sem \u00fea\u00f0 er \u00ed \u00e1framhaldandi rekstri e\u00f0a sem hluti af gjald\u00feroti, gjald\u00feroti, e\u00f0a \u00e1l\u00edka m\u00e1lsme\u00f0fer\u00f0, \u00fear sem pers\u00f3nuuppl\u00fdsingar \u00ed eigu okkar um \u00fej\u00f3nustunotendur okkar eru me\u00f0al \u00feeirra eigna sem fluttar eru.<\/li>\n\n\n\n<li style=\"font-style:normal;font-weight:300\"><strong>\u00cd \u00f6\u00f0rum tilgangi<\/strong> : Vi\u00f0 kunnum a\u00f0 nota uppl\u00fdsingarnar \u00fe\u00ednar \u00ed \u00f6\u00f0rum tilgangi, svo sem gagnagreiningu, greina notkunar\u00fer\u00f3un, \u00e1kvar\u00f0a \u00e1rangur kynningarherfer\u00f0a okkar og til a\u00f0 meta og b\u00e6ta \u00fej\u00f3nustu okkar, v\u00f6rur, \u00fej\u00f3nustu, marka\u00f0ssetningu og upplifun \u00fe\u00edna.<\/li>\n<\/ul>\n\n<p style=\"font-style:normal;font-weight:300\">Vi\u00f0 g\u00e6tum deilt pers\u00f3nuuppl\u00fdsingum \u00fe\u00ednum vi\u00f0 eftirfarandi a\u00f0st\u00e6\u00f0ur:<\/p>\n\n<ul class=\"wp-block-list\">\n<li style=\"font-style:normal;font-weight:300\"><strong>Me\u00f0 \u00fej\u00f3nustua\u00f0ilum:<\/strong> Vi\u00f0 kunnum a\u00f0 deila pers\u00f3nuuppl\u00fdsingum \u00fe\u00ednum me\u00f0 \u00fej\u00f3nustua\u00f0ilum til a\u00f0 fylgjast me\u00f0 og greina notkun \u00e1 \u00fej\u00f3nustu okkar, til a\u00f0 hafa samband vi\u00f0 \u00feig.<\/li>\n\n\n\n<li style=\"font-style:normal;font-weight:300\"><strong>Fyrir f\u00e9lagaskipti:<\/strong> Vi\u00f0 kunnum a\u00f0 deila e\u00f0a flytja pers\u00f3nuuppl\u00fdsingar \u00fe\u00ednar \u00ed tengslum vi\u00f0, e\u00f0a me\u00f0an \u00e1 samningavi\u00f0r\u00e6\u00f0um stendur, hvers kyns samruna, s\u00f6lu \u00e1 eignum fyrirt\u00e6kisins, fj\u00e1rm\u00f6gnun e\u00f0a kaupum \u00e1 \u00f6llu e\u00f0a hluta af vi\u00f0skiptum okkar til annars fyrirt\u00e6kis.<\/li>\n\n\n\n<li style=\"font-style:normal;font-weight:300\"><strong>Me\u00f0 hlutdeildarf\u00e9l\u00f6gum:<\/strong> Vi\u00f0 kunnum a\u00f0 deila uppl\u00fdsingum \u00fe\u00ednum me\u00f0 hlutdeildarf\u00e9l\u00f6gum okkar, \u00ed \u00fev\u00ed tilviki munum vi\u00f0 krefjast \u00feess a\u00f0 \u00feessir samstarfsa\u00f0ilar vir\u00f0i \u00feessa pers\u00f3nuverndarstefnu. Hlutdeildarf\u00e9l\u00f6g eru me\u00f0al annars m\u00f3\u00f0urfyrirt\u00e6ki okkar og \u00f6nnur d\u00f3tturf\u00e9l\u00f6g, samstarfsa\u00f0ila \u00ed samrekstri e\u00f0a \u00f6nnur fyrirt\u00e6ki sem vi\u00f0 stj\u00f3rnum e\u00f0a eru undir sameiginlegri stj\u00f3rn me\u00f0 okkur.<\/li>\n\n\n\n<li style=\"font-style:normal;font-weight:300\"><strong>Me\u00f0 vi\u00f0skiptaf\u00e9l\u00f6gum:<\/strong> Vi\u00f0 g\u00e6tum deilt uppl\u00fdsingum \u00fe\u00ednum me\u00f0 vi\u00f0skiptaf\u00e9l\u00f6gum okkar til a\u00f0 bj\u00f3\u00f0a \u00fe\u00e9r \u00e1kve\u00f0nar v\u00f6rur, \u00fej\u00f3nustu e\u00f0a kynningar.<\/li>\n\n\n\n<li style=\"font-style:normal;font-weight:300\"><strong>Me\u00f0 \u00f6\u00f0rum notendum:<\/strong> \u00feegar \u00fe\u00fa deilir pers\u00f3nuuppl\u00fdsingum e\u00f0a \u00e1 annan h\u00e1tt \u00ed samskiptum \u00e1 almenningssv\u00e6\u00f0um vi\u00f0 a\u00f0ra notendur, g\u00e6tu sl\u00edkar uppl\u00fdsingar veri\u00f0 sko\u00f0a\u00f0ar af \u00f6llum notendum og \u00feeim g\u00e6ti veri\u00f0 dreift opinberlega utan.<\/li>\n\n\n\n<li style=\"font-style:normal;font-weight:300\"><strong>Me\u00f0 \u00fe\u00ednu sam\u00feykki<\/strong> : Vi\u00f0 kunnum a\u00f0 birta pers\u00f3nuuppl\u00fdsingar \u00fe\u00ednar \u00ed \u00f6\u00f0rum tilgangi me\u00f0 sam\u00feykki \u00fe\u00ednu.<\/li>\n<\/ul>\n\n<h3 class=\"wp-block-heading\" style=\"font-style:normal;font-weight:300\">Var\u00f0veisla pers\u00f3nuuppl\u00fdsinga \u00feinna<\/h3>\n\n<p style=\"font-style:normal;font-weight:300\">Fyrirt\u00e6ki\u00f0 mun a\u00f0eins var\u00f0veita pers\u00f3nuuppl\u00fdsingar \u00fe\u00ednar eins lengi og nau\u00f0synlegt er \u00ed \u00feeim tilgangi sem fram kemur \u00ed \u00feessari pers\u00f3nuverndarstefnu. Vi\u00f0 munum var\u00f0veita og nota pers\u00f3nuuppl\u00fdsingar \u00fe\u00ednar a\u00f0 \u00fev\u00ed marki sem nau\u00f0synlegt er til a\u00f0 uppfylla lagalegar skuldbindingar okkar (til d\u00e6mis ef okkur er skylt a\u00f0 var\u00f0veita g\u00f6gnin \u00fe\u00edn til a\u00f0 uppfylla gildandi l\u00f6g), leysa \u00far \u00e1greiningi og framfylgja lagalegum samningum okkar og stefnum.<\/p>\n\n<p style=\"font-style:normal;font-weight:300\">Fyrirt\u00e6ki\u00f0 mun einnig var\u00f0veita notkunarg\u00f6gn \u00ed innri greiningarskyni. Notkunarg\u00f6gn eru almennt var\u00f0veitt \u00ed skemmri t\u00edma, nema \u00feegar \u00feessi g\u00f6gn eru notu\u00f0 til a\u00f0 styrkja \u00f6ryggi e\u00f0a til a\u00f0 b\u00e6ta virkni \u00fej\u00f3nustu okkar, e\u00f0a vi\u00f0 erum lagalega skuldbundin til a\u00f0 var\u00f0veita \u00feessi g\u00f6gn \u00ed lengri t\u00edma.<\/p>\n\n<h3 class=\"wp-block-heading\" style=\"font-style:normal;font-weight:300\">Flutningur pers\u00f3nuuppl\u00fdsinga \u00feinna<\/h3>\n\n<p style=\"font-style:normal;font-weight:300\">Uppl\u00fdsingar \u00fe\u00ednar, \u00fear me\u00f0 tali\u00f0 pers\u00f3nuuppl\u00fdsingar, eru unnar \u00e1 starfsst\u00f6\u00f0vum f\u00e9lagsins og \u00e1 \u00f6\u00f0rum st\u00f6\u00f0um \u00fear sem a\u00f0ilar sem koma a\u00f0 vinnslunni eru sta\u00f0settir. \u00dea\u00f0 \u00fe\u00fd\u00f0ir a\u00f0 \u00feessar uppl\u00fdsingar kunna a\u00f0 vera fluttar til \u2013 og vi\u00f0haldi\u00f0 \u00e1 \u2013 t\u00f6lvur sem eru sta\u00f0settar utan r\u00edkis \u00fe\u00edns, h\u00e9ra\u00f0s, lands e\u00f0a annarrar r\u00edkisl\u00f6gs\u00f6gu \u00fear sem gagnaverndarl\u00f6g geta veri\u00f0 fr\u00e1brug\u00f0in l\u00f6gs\u00f6gu \u00feinni.<\/p>\n\n<p style=\"font-style:normal;font-weight:300\">Sam\u00feykki \u00feitt fyrir \u00feessari pers\u00f3nuverndarstefnu, fylgt eftir me\u00f0 \u00fev\u00ed a\u00f0 leggja fram sl\u00edkar uppl\u00fdsingar, t\u00e1knar sam\u00feykki \u00feitt vi\u00f0 \u00feann flutning.<\/p>\n\n<p style=\"font-style:normal;font-weight:300\">Fyrirt\u00e6ki\u00f0 mun gera allar nau\u00f0synlegar r\u00e1\u00f0stafanir til a\u00f0 tryggja a\u00f0 g\u00f6gn \u00fe\u00edn s\u00e9u me\u00f0h\u00f6ndlu\u00f0 \u00e1 \u00f6ruggan h\u00e1tt og \u00ed samr\u00e6mi vi\u00f0 \u00feessa pers\u00f3nuverndarstefnu og engin flutningur \u00e1 pers\u00f3nuuppl\u00fdsingum \u00fe\u00ednum mun eiga s\u00e9r sta\u00f0 til stofnunar e\u00f0a lands nema fulln\u00e6gjandi eftirlit s\u00e9 til sta\u00f0ar, \u00fear \u00e1 me\u00f0al \u00f6ryggi G\u00f6gnin \u00fe\u00edn og a\u00f0rar pers\u00f3nulegar uppl\u00fdsingar.<\/p>\n\n<h3 class=\"wp-block-heading\" style=\"font-style:normal;font-weight:300\">Ey\u00f0a pers\u00f3nuuppl\u00fdsingum \u00fe\u00ednum<\/h3>\n\n<p style=\"font-style:normal;font-weight:300\">\u00de\u00fa hefur r\u00e9tt til a\u00f0 ey\u00f0a e\u00f0a bi\u00f0ja um a\u00f0 vi\u00f0 a\u00f0sto\u00f0um vi\u00f0 a\u00f0 ey\u00f0a pers\u00f3nuuppl\u00fdsingum sem vi\u00f0 h\u00f6fum safna\u00f0 um \u00feig.<\/p>\n\n<p style=\"font-style:normal;font-weight:300\">\u00dej\u00f3nustan okkar g\u00e6ti veitt \u00fe\u00e9r m\u00f6guleika \u00e1 a\u00f0 ey\u00f0a \u00e1kve\u00f0num uppl\u00fdsingum um \u00feig innan \u00fej\u00f3nustunnar.<\/p>\n\n<p style=\"font-style:normal;font-weight:300\">\u00de\u00fa getur uppf\u00e6rt, breytt e\u00f0a eytt uppl\u00fdsingum \u00fe\u00ednum hven\u00e6r sem er me\u00f0 \u00fev\u00ed a\u00f0 skr\u00e1 \u00feig inn \u00e1 reikninginn \u00feinn, ef \u00fe\u00fa ert me\u00f0 einn, og fara \u00ed reikningsstillingarhlutann sem gerir \u00fe\u00e9r kleift a\u00f0 hafa umsj\u00f3n me\u00f0 pers\u00f3nuuppl\u00fdsingunum \u00fe\u00ednum. \u00de\u00fa getur l\u00edka haft samband vi\u00f0 okkur til a\u00f0 bi\u00f0ja um a\u00f0gang a\u00f0, lei\u00f0r\u00e9tta e\u00f0a ey\u00f0a pers\u00f3nuuppl\u00fdsingum sem \u00fe\u00fa hefur veitt okkur.<\/p>\n\n<p style=\"font-style:normal;font-weight:300\">Vinsamlegast athuga\u00f0u hins vegar a\u00f0 vi\u00f0 g\u00e6tum \u00feurft a\u00f0 var\u00f0veita tilteknar uppl\u00fdsingar \u00feegar vi\u00f0 h\u00f6fum lagalega skyldu e\u00f0a lagalegan grundv\u00f6ll til \u00feess.<\/p>\n\n<h3 class=\"wp-block-heading\" style=\"font-style:normal;font-weight:300\">Birting pers\u00f3nuuppl\u00fdsinga \u00feinna<\/h3>\n\n<h4 class=\"wp-block-heading\" style=\"font-style:normal;font-weight:300\">Vi\u00f0skipti<\/h4>\n\n<p style=\"font-style:normal;font-weight:300\">Ef fyrirt\u00e6ki\u00f0 tekur \u00fe\u00e1tt \u00ed samruna, kaupum e\u00f0a eignas\u00f6lu g\u00e6tu pers\u00f3nuuppl\u00fdsingar \u00fe\u00ednar veri\u00f0 fluttar. Vi\u00f0 munum veita tilkynningu \u00e1\u00f0ur en pers\u00f3nuuppl\u00fdsingar \u00fe\u00ednar eru fluttar og ver\u00f0a h\u00e1\u00f0ar annarri pers\u00f3nuverndarstefnu.<\/p>\n\n<h4 class=\"wp-block-heading\" style=\"font-style:normal;font-weight:300\">L\u00f6gg\u00e6sla<\/h4>\n\n<p style=\"font-style:normal;font-weight:300\">Undir vissum kringumst\u00e6\u00f0um g\u00e6ti fyrirt\u00e6ki\u00f0 \u00feurft a\u00f0 birta pers\u00f3nuuppl\u00fdsingar \u00fe\u00ednar ef \u00feess er krafist samkv\u00e6mt l\u00f6gum e\u00f0a til a\u00f0 breg\u00f0ast vi\u00f0 gildum bei\u00f0num opinberra yfirvalda (td d\u00f3mst\u00f3la e\u00f0a r\u00edkisstofnunar).<\/p>\n\n<h4 class=\"wp-block-heading\" style=\"font-style:normal;font-weight:300\">\u00d6nnur lagaleg skilyr\u00f0i<\/h4>\n\n<p style=\"font-style:normal;font-weight:300\">Fyrirt\u00e6ki\u00f0 getur birt pers\u00f3nuuppl\u00fdsingar \u00fe\u00ednar \u00ed g\u00f3\u00f0ri tr\u00fa um a\u00f0 sl\u00edkar a\u00f0ger\u00f0ir s\u00e9u nau\u00f0synlegar til a\u00f0:<\/p>\n\n<ul class=\"wp-block-list\">\n<li style=\"font-style:normal;font-weight:300\">Fari\u00f0 eftir lagaskyldu<\/li>\n\n\n\n<li style=\"font-style:normal;font-weight:300\">Vernda og verja r\u00e9ttindi e\u00f0a eignir fyrirt\u00e6kisins<\/li>\n\n\n\n<li style=\"font-style:normal;font-weight:300\">Koma \u00ed veg fyrir e\u00f0a rannsaka hugsanlega misgj\u00f6r\u00f0 \u00ed tengslum vi\u00f0 \u00fej\u00f3nustuna<\/li>\n\n\n\n<li style=\"font-style:normal;font-weight:300\">Vernda pers\u00f3nulegt \u00f6ryggi notenda \u00fej\u00f3nustunnar e\u00f0a almennings<\/li>\n\n\n\n<li style=\"font-style:normal;font-weight:300\">Vernda\u00f0u gegn lagalegri \u00e1byrg\u00f0<\/li>\n<\/ul>\n\n<h3 class=\"wp-block-heading\" style=\"font-style:normal;font-weight:300\">\u00d6ryggi pers\u00f3nuuppl\u00fdsinga \u00feinna<\/h3>\n\n<p style=\"font-style:normal;font-weight:300\">\u00d6ryggi pers\u00f3nuuppl\u00fdsinga \u00feinna er okkur mikilv\u00e6gt, en mundu a\u00f0 engin sendingara\u00f0fer\u00f0 \u00e1 netinu e\u00f0a rafr\u00e6n geymslua\u00f0fer\u00f0 er 100% \u00f6rugg. \u00de\u00f3 a\u00f0 vi\u00f0 leitumst vi\u00f0 a\u00f0 nota vi\u00f0skiptalega vi\u00f0unandi lei\u00f0ir til a\u00f0 vernda pers\u00f3nuuppl\u00fdsingar \u00fe\u00ednar, getum vi\u00f0 ekki \u00e1byrgst algj\u00f6rt \u00f6ryggi \u00feeirra.<\/p>\n\n<h2 class=\"wp-block-heading\" style=\"font-style:normal;font-weight:300\">Pers\u00f3nuverndarr\u00e9ttindi \u00fe\u00edn samkv\u00e6mt GDPR<br\/><\/h2>\n\n<p>Ef \u00fe\u00fa ert heimilisfastur \u00e1 Evr\u00f3pska efnahagssv\u00e6\u00f0inu (EES) hefur \u00fe\u00fa \u00e1kve\u00f0inn gagnaverndarr\u00e9tt. \u00dear \u00e1 me\u00f0al eru:<\/p>\n\n<ul class=\"wp-block-list\">\n<li class=\"has-medium-font-size\" style=\"font-style:normal;font-weight:300\">R\u00e9tturinn til a\u00f0 f\u00e1 a\u00f0gang a\u00f0, uppf\u00e6ra e\u00f0a ey\u00f0a \u00feeim uppl\u00fdsingum sem vi\u00f0 h\u00f6fum um \u00feig.<\/li>\n\n\n\n<li class=\"has-medium-font-size\" style=\"font-style:normal;font-weight:300\">R\u00e9ttur til \u00farb\u00f3ta.<\/li>\n\n\n\n<li class=\"has-medium-font-size\" style=\"font-style:normal;font-weight:300\">R\u00e9ttur til andm\u00e6la.<\/li>\n\n\n\n<li class=\"has-medium-font-size\" style=\"font-style:normal;font-weight:300\">Takm\u00f6rkunarr\u00e9tturinn.<\/li>\n\n\n\n<li class=\"has-medium-font-size\" style=\"font-style:normal;font-weight:300\">R\u00e9ttur til gagnaflutnings.<\/li>\n\n\n\n<li class=\"has-medium-font-size\" style=\"font-style:normal;font-weight:300\">R\u00e9ttur til a\u00f0 afturkalla sam\u00feykki.<\/li>\n<\/ul>\n\n<h2 class=\"wp-block-heading\" style=\"font-style:normal;font-weight:300\">Pers\u00f3nuvernd barna<\/h2>\n\n<p style=\"font-style:normal;font-weight:300\">\u00dej\u00f3nustan okkar fjallar ekki um neinn yngri en 13 \u00e1ra. Vi\u00f0 s\u00f6fnum ekki v\u00edsvitandi pers\u00f3nugreinanlegum uppl\u00fdsingum fr\u00e1 neinum yngri en 13 \u00e1ra. Ef \u00fe\u00fa ert foreldri e\u00f0a forr\u00e1\u00f0ama\u00f0ur og \u00fe\u00fa ert me\u00f0vita\u00f0ur um a\u00f0 barni\u00f0 \u00feitt hefur veitt okkur pers\u00f3nuuppl\u00fdsingar, vinsamlegast haf\u00f0u samband vi\u00f0 okkur. Ef vi\u00f0 ver\u00f0um v\u00f6r vi\u00f0 a\u00f0 vi\u00f0 h\u00f6fum safna\u00f0 pers\u00f3nuuppl\u00fdsingum fr\u00e1 einhverjum yngri en 13 \u00e1ra \u00e1n sta\u00f0festingar \u00e1 sam\u00feykki foreldra, gerum vi\u00f0 r\u00e1\u00f0stafanir til a\u00f0 fjarl\u00e6gja \u00fe\u00e6r uppl\u00fdsingar af net\u00fej\u00f3num okkar.<\/p>\n\n<p style=\"font-style:normal;font-weight:300\">Ef vi\u00f0 \u00feurfum a\u00f0 treysta \u00e1 sam\u00feykki sem lagagrundv\u00f6ll fyrir vinnslu uppl\u00fdsinga \u00feinna og land \u00feitt krefst sam\u00feykkis fr\u00e1 foreldri, g\u00e6tum vi\u00f0 krafist sam\u00feykkis foreldris \u00fe\u00edns \u00e1\u00f0ur en vi\u00f0 s\u00f6fnum og notum \u00fe\u00e6r uppl\u00fdsingar.<\/p>\n\n<h2 class=\"wp-block-heading\" style=\"font-style:normal;font-weight:300\">Tenglar \u00e1 a\u00f0rar vefs\u00ed\u00f0ur<\/h2>\n\n<p style=\"font-style:normal;font-weight:300\">\u00dej\u00f3nustan okkar g\u00e6ti innihaldi\u00f0 tengla \u00e1 a\u00f0rar vefs\u00ed\u00f0ur sem eru ekki reknar af okkur. Ef \u00fe\u00fa smellir \u00e1 hlekk \u00feri\u00f0ja a\u00f0ila ver\u00f0ur \u00fe\u00e9r v\u00edsa\u00f0 \u00e1 s\u00ed\u00f0u \u00feess \u00feri\u00f0ja a\u00f0ila. Vi\u00f0 r\u00e1\u00f0leggjum \u00fe\u00e9r eindregi\u00f0 a\u00f0 sko\u00f0a pers\u00f3nuverndarstefnu allra vefsv\u00e6\u00f0a sem \u00fe\u00fa heims\u00e6kir.<\/p>\n\n<p style=\"font-style:normal;font-weight:300\">Vi\u00f0 h\u00f6fum enga stj\u00f3rn \u00e1 og t\u00f6kum enga \u00e1byrg\u00f0 \u00e1 efni, pers\u00f3nuverndarstefnu e\u00f0a starfsh\u00e1ttum vefsv\u00e6\u00f0a e\u00f0a \u00fej\u00f3nustu \u00feri\u00f0ja a\u00f0ila.<\/p>\n\n<h2 class=\"wp-block-heading\" style=\"font-style:normal;font-weight:300\">Breytingar \u00e1 \u00feessari pers\u00f3nuverndarstefnu<\/h2>\n\n<p style=\"font-style:normal;font-weight:300\">Vi\u00f0 g\u00e6tum uppf\u00e6rt pers\u00f3nuverndarstefnu okkar af og til. Vi\u00f0 munum tilkynna \u00fe\u00e9r um allar breytingar me\u00f0 \u00fev\u00ed a\u00f0 birta n\u00fdju pers\u00f3nuverndarstefnuna \u00e1 \u00feessari s\u00ed\u00f0u.<\/p>\n\n<p style=\"font-style:normal;font-weight:300\">Vi\u00f0 munum l\u00e1ta \u00feig vita me\u00f0 t\u00f6lvup\u00f3sti og\/e\u00f0a \u00e1berandi tilkynningu \u00e1 \u00fej\u00f3nustu okkar, \u00e1\u00f0ur en breytingin tekur gildi og uppf\u00e6rum \u201eS\u00ed\u00f0ast uppf\u00e6rt\u201c dagsetninguna efst \u00ed \u00feessari pers\u00f3nuverndarstefnu.<\/p>\n\n<p style=\"font-style:normal;font-weight:300\">\u00de\u00e9r er bent \u00e1 a\u00f0 sko\u00f0a \u00feessa pers\u00f3nuverndarstefnu reglulega fyrir allar breytingar. Breytingar \u00e1 \u00feessari pers\u00f3nuverndarstefnu taka gildi \u00feegar \u00fe\u00e6r eru birtar \u00e1 \u00feessari s\u00ed\u00f0u.<\/p>\n\n<h2 class=\"wp-block-heading\" style=\"font-style:normal;font-weight:300\">Haf\u00f0u samband<\/h2>\n\n<p style=\"font-style:normal;font-weight:300\">Ef \u00fe\u00fa hefur einhverjar spurningar um \u00feessa pers\u00f3nuverndarstefnu getur\u00f0u haft samband vi\u00f0 okkur:<\/p>\n\n<ul class=\"wp-block-list\">\n<li style=\"font-style:normal;font-weight:300\">Me\u00f0 t\u00f6lvup\u00f3sti: info@fantasyfood.org<\/li>\n<\/ul>\n","protected":false},"excerpt":{"rendered":"<p>S\u00ed\u00f0ast uppf\u00e6rt: 2. september 2024 \u00deessi pers\u00f3nuverndarstefna l\u00fdsir stefnu okkar og verklagsreglum um s\u00f6fnun, notkun og birtingu uppl\u00fdsinga \u00feinna \u00feegar \u00fe\u00fa notar \u00fej\u00f3nustuna og segir \u00fe\u00e9r fr\u00e1 pers\u00f3nuverndarr\u00e9tti \u00fe\u00ednum og hvernig l\u00f6gin vernda \u00feig. Vi\u00f0 notum pers\u00f3nuuppl\u00fdsingar \u00fe\u00ednar til a\u00f0 veita og b\u00e6ta \u00fej\u00f3nustuna. Me\u00f0 \u00fev\u00ed a\u00f0 nota \u00fej\u00f3nustuna sam\u00feykkir \u00fe\u00fa s\u00f6fnun og notkun uppl\u00fdsinga [&hellip;]<\/p>\n","protected":false},"author":2,"featured_media":0,"parent":0,"menu_order":0,"comment_status":"closed","ping_status":"closed","template":"","meta":{"site-sidebar-layout":"default","site-content-layout":"","ast-site-content-layout":"default","site-content-style":"default","site-sidebar-style":"default","ast-global-header-display":"","ast-banner-title-visibility":"","ast-main-header-display":"","ast-hfb-above-header-display":"","ast-hfb-below-header-display":"","ast-hfb-mobile-header-display":"","site-post-title":"","ast-breadcrumbs-content":"","ast-featured-img":"","footer-sml-layout":"","theme-transparent-header-meta":"","adv-header-id-meta":"","stick-header-meta":"","header-above-stick-meta":"","header-main-stick-meta":"","header-below-stick-meta":"","astra-migrate-meta-layouts":"default","ast-page-background-enabled":"default","ast-page-background-meta":{"desktop":{"background-color":"","background-image":"","background-repeat":"repeat","background-position":"center center","background-size":"auto","background-attachment":"scroll","background-type":"","background-media":"","overlay-type":"","overlay-color":"","overlay-opacity":"","overlay-gradient":""},"tablet":{"background-color":"","background-image":"","background-repeat":"repeat","background-position":"center center","background-size":"auto","background-attachment":"scroll","background-type":"","background-media":"","overlay-type":"","overlay-color":"","overlay-opacity":"","overlay-gradient":""},"mobile":{"background-color":"","background-image":"","background-repeat":"repeat","background-position":"center center","background-size":"auto","background-attachment":"scroll","background-type":"","background-media":"","overlay-type":"","overlay-color":"","overlay-opacity":"","overlay-gradient":""}},"ast-content-background-meta":{"desktop":{"background-color":"var(--ast-global-color-5)","background-image":"","background-repeat":"repeat","background-position":"center center","background-size":"auto","background-attachment":"scroll","background-type":"","background-media":"","overlay-type":"","overlay-color":"","overlay-opacity":"","overlay-gradient":""},"tablet":{"background-color":"var(--ast-global-color-5)","background-image":"","background-repeat":"repeat","background-position":"center center","background-size":"auto","background-attachment":"scroll","background-type":"","background-media":"","overlay-type":"","overlay-color":"","overlay-opacity":"","overlay-gradient":""},"mobile":{"background-color":"var(--ast-global-color-5)","background-image":"","background-repeat":"repeat","background-position":"center center","background-size":"auto","background-attachment":"scroll","background-type":"","background-media":"","overlay-type":"","overlay-color":"","overlay-opacity":"","overlay-gradient":""}},"footnotes":""},"class_list":["post-6332","page","type-page","status-publish","hentry"],"aioseo_notices":[],"_links":{"self":[{"href":"https:\/\/fantasyfood.org\/is\/wp-json\/wp\/v2\/pages\/6332"}],"collection":[{"href":"https:\/\/fantasyfood.org\/is\/wp-json\/wp\/v2\/pages"}],"about":[{"href":"https:\/\/fantasyfood.org\/is\/wp-json\/wp\/v2\/types\/page"}],"author":[{"embeddable":true,"href":"https:\/\/fantasyfood.org\/is\/wp-json\/wp\/v2\/users\/2"}],"replies":[{"embeddable":true,"href":"https:\/\/fantasyfood.org\/is\/wp-json\/wp\/v2\/comments?post=6332"}],"version-history":[{"count":1,"href":"https:\/\/fantasyfood.org\/is\/wp-json\/wp\/v2\/pages\/6332\/revisions"}],"predecessor-version":[{"id":6333,"href":"https:\/\/fantasyfood.org\/is\/wp-json\/wp\/v2\/pages\/6332\/revisions\/6333"}],"wp:attachment":[{"href":"https:\/\/fantasyfood.org\/is\/wp-json\/wp\/v2\/media?parent=6332"}],"curies":[{"name":"wp","href":"https:\/\/api.w.org\/{rel}","templated":true}]}}